{"id":9528,"date":"2025-02-25T02:24:48","date_gmt":"2025-02-25T02:24:48","guid":{"rendered":"https:\/\/thenucleusorchestral.org\/?page_id=9528"},"modified":"2025-02-25T04:16:47","modified_gmt":"2025-02-25T04:16:47","slug":"first-baptist-orlando","status":"publish","type":"page","link":"https:\/\/thenucleusorchestral.org\/es\/first-baptist-orlando\/","title":{"rendered":"First Baptist Orlando"},"content":{"rendered":"<div data-elementor-type=\"wp-page\" data-elementor-id=\"9528\" class=\"elementor elementor-9528\" data-elementor-post-type=\"page\">\n\t\t\t\t<div class=\"elementor-element elementor-element-805aa4 e-flex e-con-boxed e-con e-parent\" data-id=\"805aa4\" data-element_type=\"container\" data-settings=\"{&quot;background_background&quot;:&quot;classic&quot;}\">\n\t\t\t\t\t<div class=\"e-con-inner\">\n\t\t<div class=\"elementor-element elementor-element-4e2a5509 e-con-full e-flex e-con e-child\" data-id=\"4e2a5509\" data-element_type=\"container\">\n\t\t\t\t<div class=\"elementor-element elementor-element-11d157c8 elementor-widget elementor-widget-heading\" data-id=\"11d157c8\" data-element_type=\"widget\" data-widget_type=\"heading.default\">\n\t\t\t\t<div class=\"elementor-widget-container\">\n\t\t\t\t\t<h3 class=\"elementor-heading-title elementor-size-default\">Unidos en Oraci\u00f3n y M\u00fasica: The Nucleus Orchestra en First Baptist Orlando<\/h3>\t\t\t\t<\/div>\n\t\t\t\t<\/div>\n\t\t\t\t<div class=\"elementor-element elementor-element-13111a58 elementor-widget elementor-widget-heading\" data-id=\"13111a58\" data-element_type=\"widget\" data-widget_type=\"heading.default\">\n\t\t\t\t<div class=\"elementor-widget-container\">\n\t\t\t\t\t<h6 class=\"elementor-heading-title elementor-size-default\">January 11, 2025  \u2013 First Baptist Orlando<\/h6>\t\t\t\t<\/div>\n\t\t\t\t<\/div>\n\t\t\t\t<div class=\"elementor-element elementor-element-6aabca2a elementor-widget-divider--view-line elementor-widget elementor-widget-divider\" data-id=\"6aabca2a\" data-element_type=\"widget\" data-widget_type=\"divider.default\">\n\t\t\t\t<div class=\"elementor-widget-container\">\n\t\t\t\t\t\t\t<div class=\"elementor-divider\">\n\t\t\t<span class=\"elementor-divider-separator\">\n\t\t\t\t\t\t<\/span>\n\t\t<\/div>\n\t\t\t\t\t\t<\/div>\n\t\t\t\t<\/div>\n\t\t<div class=\"elementor-element elementor-element-58cbdca e-flex e-con-boxed e-con e-child\" data-id=\"58cbdca\" data-element_type=\"container\">\n\t\t\t\t\t<div class=\"e-con-inner\">\n\t\t<div class=\"elementor-element elementor-element-69359d6e e-con-full e-flex e-con e-child\" data-id=\"69359d6e\" data-element_type=\"container\">\n\t\t\t\t<div class=\"elementor-element elementor-element-4a06d2b7 elementor-widget elementor-widget-image\" data-id=\"4a06d2b7\" data-element_type=\"widget\" data-widget_type=\"image.default\">\n\t\t\t\t<div class=\"elementor-widget-container\">\n\t\t\t\t\t\t\t\t\t\t\t\t\t\t\t<img fetchpriority=\"high\" decoding=\"async\" width=\"2560\" height=\"1180\" src=\"https:\/\/thenucleusorchestral.org\/wp-content\/uploads\/2025\/02\/First-Baptist-Orlando.-The-Nucleus-Orchestral-Program-Eventos-Enero-2025-scaled.webp\" class=\"attachment-full size-full wp-image-7440\" alt=\"Ensayo con ni\u00f1os del Programa de Orquesta Infantil y Juvenil en Texas, The Nucleus Orchestral.\" srcset=\"https:\/\/thenucleusorchestral.org\/wp-content\/uploads\/2025\/02\/First-Baptist-Orlando.-The-Nucleus-Orchestral-Program-Eventos-Enero-2025-scaled.webp 2560w, https:\/\/thenucleusorchestral.org\/wp-content\/uploads\/2025\/02\/First-Baptist-Orlando.-The-Nucleus-Orchestral-Program-Eventos-Enero-2025-300x138.webp 300w, https:\/\/thenucleusorchestral.org\/wp-content\/uploads\/2025\/02\/First-Baptist-Orlando.-The-Nucleus-Orchestral-Program-Eventos-Enero-2025-1024x472.webp 1024w, https:\/\/thenucleusorchestral.org\/wp-content\/uploads\/2025\/02\/First-Baptist-Orlando.-The-Nucleus-Orchestral-Program-Eventos-Enero-2025-768x354.webp 768w, https:\/\/thenucleusorchestral.org\/wp-content\/uploads\/2025\/02\/First-Baptist-Orlando.-The-Nucleus-Orchestral-Program-Eventos-Enero-2025-1536x708.webp 1536w, https:\/\/thenucleusorchestral.org\/wp-content\/uploads\/2025\/02\/First-Baptist-Orlando.-The-Nucleus-Orchestral-Program-Eventos-Enero-2025-2048x944.webp 2048w\" sizes=\"(max-width: 2560px) 100vw, 2560px\" \/>\t\t\t\t\t\t\t\t\t\t\t\t\t\t\t<\/div>\n\t\t\t\t<\/div>\n\t\t\t\t<div class=\"elementor-element elementor-element-77100a06 elementor-widget elementor-widget-image\" data-id=\"77100a06\" data-element_type=\"widget\" data-widget_type=\"image.default\">\n\t\t\t\t<div class=\"elementor-widget-container\">\n\t\t\t\t\t\t\t\t\t\t\t\t\t\t\t<img decoding=\"async\" width=\"2560\" height=\"1180\" src=\"https:\/\/thenucleusorchestral.org\/wp-content\/uploads\/2025\/02\/First-Baptist-Orlando.-The-Nucleus-Orchestral-Program-Eventos-2025-scaled.webp\" class=\"attachment-full size-full wp-image-7438\" alt=\"First Baptist Orlando. Eventos 2025 Programa de Orquesta Infantil y Juvenil en Orlando Florida y Texas, The Nucleus Orchestral. Children and Youth Orchestra Program in Orlando Florida and Texas, The Nucleus Orchestral.\" srcset=\"https:\/\/thenucleusorchestral.org\/wp-content\/uploads\/2025\/02\/First-Baptist-Orlando.-The-Nucleus-Orchestral-Program-Eventos-2025-scaled.webp 2560w, https:\/\/thenucleusorchestral.org\/wp-content\/uploads\/2025\/02\/First-Baptist-Orlando.-The-Nucleus-Orchestral-Program-Eventos-2025-300x138.webp 300w, https:\/\/thenucleusorchestral.org\/wp-content\/uploads\/2025\/02\/First-Baptist-Orlando.-The-Nucleus-Orchestral-Program-Eventos-2025-1024x472.webp 1024w, https:\/\/thenucleusorchestral.org\/wp-content\/uploads\/2025\/02\/First-Baptist-Orlando.-The-Nucleus-Orchestral-Program-Eventos-2025-768x354.webp 768w, https:\/\/thenucleusorchestral.org\/wp-content\/uploads\/2025\/02\/First-Baptist-Orlando.-The-Nucleus-Orchestral-Program-Eventos-2025-1536x708.webp 1536w, https:\/\/thenucleusorchestral.org\/wp-content\/uploads\/2025\/02\/First-Baptist-Orlando.-The-Nucleus-Orchestral-Program-Eventos-2025-2048x944.webp 2048w\" sizes=\"(max-width: 2560px) 100vw, 2560px\" \/>\t\t\t\t\t\t\t\t\t\t\t\t\t\t\t<\/div>\n\t\t\t\t<\/div>\n\t\t\t\t<div class=\"elementor-element elementor-element-21422f37 elementor-hidden-mobile elementor-widget elementor-widget-image\" data-id=\"21422f37\" data-element_type=\"widget\" data-widget_type=\"image.default\">\n\t\t\t\t<div class=\"elementor-widget-container\">\n\t\t\t\t\t\t\t\t\t\t\t\t\t\t\t<img decoding=\"async\" width=\"2560\" height=\"1180\" src=\"https:\/\/thenucleusorchestral.org\/wp-content\/uploads\/2025\/02\/First-Baptist-Orlando-January-2025-Te-Nucleus-Orchestral-Program-scaled.webp\" class=\"attachment-full size-full wp-image-9544\" alt=\"First Baptist Orlando January 2025 Te Nucleus Orchestral Program\" srcset=\"https:\/\/thenucleusorchestral.org\/wp-content\/uploads\/2025\/02\/First-Baptist-Orlando-January-2025-Te-Nucleus-Orchestral-Program-scaled.webp 2560w, https:\/\/thenucleusorchestral.org\/wp-content\/uploads\/2025\/02\/First-Baptist-Orlando-January-2025-Te-Nucleus-Orchestral-Program-300x138.webp 300w, https:\/\/thenucleusorchestral.org\/wp-content\/uploads\/2025\/02\/First-Baptist-Orlando-January-2025-Te-Nucleus-Orchestral-Program-1024x472.webp 1024w, https:\/\/thenucleusorchestral.org\/wp-content\/uploads\/2025\/02\/First-Baptist-Orlando-January-2025-Te-Nucleus-Orchestral-Program-768x354.webp 768w, https:\/\/thenucleusorchestral.org\/wp-content\/uploads\/2025\/02\/First-Baptist-Orlando-January-2025-Te-Nucleus-Orchestral-Program-1536x708.webp 1536w, https:\/\/thenucleusorchestral.org\/wp-content\/uploads\/2025\/02\/First-Baptist-Orlando-January-2025-Te-Nucleus-Orchestral-Program-2048x944.webp 2048w, https:\/\/thenucleusorchestral.org\/wp-content\/uploads\/2025\/02\/First-Baptist-Orlando-January-2025-Te-Nucleus-Orchestral-Program-18x8.webp 18w\" sizes=\"(max-width: 2560px) 100vw, 2560px\" \/>\t\t\t\t\t\t\t\t\t\t\t\t\t\t\t<\/div>\n\t\t\t\t<\/div>\n\t\t\t\t<div class=\"elementor-element elementor-element-ddac652 elementor-hidden-mobile elementor-widget elementor-widget-image\" data-id=\"ddac652\" data-element_type=\"widget\" data-widget_type=\"image.default\">\n\t\t\t\t<div class=\"elementor-widget-container\">\n\t\t\t\t\t\t\t\t\t\t\t\t\t\t\t<img loading=\"lazy\" decoding=\"async\" width=\"2560\" height=\"1180\" src=\"https:\/\/thenucleusorchestral.org\/wp-content\/uploads\/2025\/02\/First-Baptist-Orlando-January-2025-Te-Nucleus-Orchestral-Program-Orlando-scaled.webp\" class=\"attachment-full size-full wp-image-9545\" alt=\"First Baptist Orlando January 2025 Te Nucleus Orchestral Program Orlando\" srcset=\"https:\/\/thenucleusorchestral.org\/wp-content\/uploads\/2025\/02\/First-Baptist-Orlando-January-2025-Te-Nucleus-Orchestral-Program-Orlando-scaled.webp 2560w, https:\/\/thenucleusorchestral.org\/wp-content\/uploads\/2025\/02\/First-Baptist-Orlando-January-2025-Te-Nucleus-Orchestral-Program-Orlando-300x138.webp 300w, https:\/\/thenucleusorchestral.org\/wp-content\/uploads\/2025\/02\/First-Baptist-Orlando-January-2025-Te-Nucleus-Orchestral-Program-Orlando-1024x472.webp 1024w, https:\/\/thenucleusorchestral.org\/wp-content\/uploads\/2025\/02\/First-Baptist-Orlando-January-2025-Te-Nucleus-Orchestral-Program-Orlando-768x354.webp 768w, https:\/\/thenucleusorchestral.org\/wp-content\/uploads\/2025\/02\/First-Baptist-Orlando-January-2025-Te-Nucleus-Orchestral-Program-Orlando-1536x708.webp 1536w, https:\/\/thenucleusorchestral.org\/wp-content\/uploads\/2025\/02\/First-Baptist-Orlando-January-2025-Te-Nucleus-Orchestral-Program-Orlando-2048x944.webp 2048w, https:\/\/thenucleusorchestral.org\/wp-content\/uploads\/2025\/02\/First-Baptist-Orlando-January-2025-Te-Nucleus-Orchestral-Program-Orlando-18x8.webp 18w\" sizes=\"(max-width: 2560px) 100vw, 2560px\" \/>\t\t\t\t\t\t\t\t\t\t\t\t\t\t\t<\/div>\n\t\t\t\t<\/div>\n\t\t\t\t<div class=\"elementor-element elementor-element-5239487 elementor-hidden-mobile elementor-widget elementor-widget-image\" data-id=\"5239487\" data-element_type=\"widget\" data-widget_type=\"image.default\">\n\t\t\t\t<div class=\"elementor-widget-container\">\n\t\t\t\t\t\t\t\t\t\t\t\t\t\t\t<img loading=\"lazy\" decoding=\"async\" width=\"2560\" height=\"1180\" src=\"https:\/\/thenucleusorchestral.org\/wp-content\/uploads\/2025\/02\/First-Baptist-Orlando-Enero-2025-Te-Nucleus-Orchestral-Program-scaled.webp\" class=\"attachment-full size-full wp-image-9546\" alt=\"\" srcset=\"https:\/\/thenucleusorchestral.org\/wp-content\/uploads\/2025\/02\/First-Baptist-Orlando-Enero-2025-Te-Nucleus-Orchestral-Program-scaled.webp 2560w, https:\/\/thenucleusorchestral.org\/wp-content\/uploads\/2025\/02\/First-Baptist-Orlando-Enero-2025-Te-Nucleus-Orchestral-Program-300x138.webp 300w, https:\/\/thenucleusorchestral.org\/wp-content\/uploads\/2025\/02\/First-Baptist-Orlando-Enero-2025-Te-Nucleus-Orchestral-Program-1024x472.webp 1024w, https:\/\/thenucleusorchestral.org\/wp-content\/uploads\/2025\/02\/First-Baptist-Orlando-Enero-2025-Te-Nucleus-Orchestral-Program-768x354.webp 768w, https:\/\/thenucleusorchestral.org\/wp-content\/uploads\/2025\/02\/First-Baptist-Orlando-Enero-2025-Te-Nucleus-Orchestral-Program-1536x708.webp 1536w, https:\/\/thenucleusorchestral.org\/wp-content\/uploads\/2025\/02\/First-Baptist-Orlando-Enero-2025-Te-Nucleus-Orchestral-Program-2048x944.webp 2048w, https:\/\/thenucleusorchestral.org\/wp-content\/uploads\/2025\/02\/First-Baptist-Orlando-Enero-2025-Te-Nucleus-Orchestral-Program-18x8.webp 18w\" sizes=\"(max-width: 2560px) 100vw, 2560px\" \/>\t\t\t\t\t\t\t\t\t\t\t\t\t\t\t<\/div>\n\t\t\t\t<\/div>\n\t\t\t\t<\/div>\n\t\t<div class=\"elementor-element elementor-element-19f28d8b e-con-full e-flex e-con e-child\" data-id=\"19f28d8b\" data-element_type=\"container\">\n\t\t\t\t<div class=\"elementor-element elementor-element-533aae9a elementor-widget elementor-widget-text-editor\" data-id=\"533aae9a\" data-element_type=\"widget\" data-widget_type=\"text-editor.default\">\n\t\t\t\t<div class=\"elementor-widget-container\">\n\t\t\t\t\t\t\t\t\t<p>El pasado 11 de enero de 2025, The Nucleus Orchestra tuvo el honor de participar en un evento muy especial organizado por Casa de Venezuela en la majestuosa iglesia First Baptist Orlando. Esta emotiva velada reuni\u00f3 a cientos de personas con el prop\u00f3sito de elevar una oraci\u00f3n conjunta por Venezuela y todos los pa\u00edses hispanohablantes, buscando paz, unidad y bienestar para sus pueblos.<\/p><p>La atm\u00f3sfera en First Baptist Orlando era de profunda espiritualidad y esperanza. La m\u00fasica de nuestra orquesta se convirti\u00f3 en el veh\u00edculo perfecto para transmitir un mensaje de solidaridad y fe. Desde los primeros acordes, sentimos la conexi\u00f3n especial con el p\u00fablico, que se uni\u00f3 a nosotros en un momento de reflexi\u00f3n y unidad.<\/p>\t\t\t\t\t\t\t\t<\/div>\n\t\t\t\t<\/div>\n\t\t\t\t<div class=\"elementor-element elementor-element-144789c7 elementor-hidden-tablet elementor-widget elementor-widget-image\" data-id=\"144789c7\" data-element_type=\"widget\" data-widget_type=\"image.default\">\n\t\t\t\t<div class=\"elementor-widget-container\">\n\t\t\t\t\t\t\t\t\t\t\t\t\t\t\t<img loading=\"lazy\" decoding=\"async\" width=\"1024\" height=\"472\" src=\"https:\/\/thenucleusorchestral.org\/wp-content\/uploads\/2025\/02\/First-Baptist-Orlando.-The-Nucleus-Orchestral-Program-Eventos-2025-2-1024x472.webp\" class=\"attachment-large size-large wp-image-7439\" alt=\"Evento First Baptist Orlando. Eventos 2025 del Programa de Orquesta Infantil y Juvenil en Orlando Florida y Texas, The Nucleus Orchestral. Children and Youth Orchestra Program in Orlando Florida and Texas, The Nucleus Orchestral.\" srcset=\"https:\/\/thenucleusorchestral.org\/wp-content\/uploads\/2025\/02\/First-Baptist-Orlando.-The-Nucleus-Orchestral-Program-Eventos-2025-2-1024x472.webp 1024w, https:\/\/thenucleusorchestral.org\/wp-content\/uploads\/2025\/02\/First-Baptist-Orlando.-The-Nucleus-Orchestral-Program-Eventos-2025-2-300x138.webp 300w, https:\/\/thenucleusorchestral.org\/wp-content\/uploads\/2025\/02\/First-Baptist-Orlando.-The-Nucleus-Orchestral-Program-Eventos-2025-2-768x354.webp 768w, https:\/\/thenucleusorchestral.org\/wp-content\/uploads\/2025\/02\/First-Baptist-Orlando.-The-Nucleus-Orchestral-Program-Eventos-2025-2-1536x708.webp 1536w, https:\/\/thenucleusorchestral.org\/wp-content\/uploads\/2025\/02\/First-Baptist-Orlando.-The-Nucleus-Orchestral-Program-Eventos-2025-2-2048x944.webp 2048w\" sizes=\"(max-width: 1024px) 100vw, 1024px\" \/>\t\t\t\t\t\t\t\t\t\t\t\t\t\t\t<\/div>\n\t\t\t\t<\/div>\n\t\t\t\t<div class=\"elementor-element elementor-element-37fdcc04 elementor-hidden-tablet elementor-widget elementor-widget-text-editor\" data-id=\"37fdcc04\" data-element_type=\"widget\" data-widget_type=\"text-editor.default\">\n\t\t\t\t<div class=\"elementor-widget-container\">\n\t\t\t\t\t\t\t\t\t<p data-sourcepos=\"3:1-3:152\">El repertorio elegido para esta ocasi\u00f3n fue cuidadosamente seleccionado para evocar sentimientos de amor por nuestra tierra y esperanza en un futuro mejor. Interpretamos piezas emblem\u00e1ticas como \"Venezuela\" y \"Alma Llanera\", que resonaron con fuerza en el coraz\u00f3n de todos los presentes. La majestuosidad del \"Aleluya\" de Handel, interpretado junto al talentoso Coro Wattaka Tampa, elev\u00f3 a\u00fan m\u00e1s el esp\u00edritu de la noche, creando un momento de sublime belleza y emoci\u00f3n.<\/p>\t\t\t\t\t\t\t\t<\/div>\n\t\t\t\t<\/div>\n\t\t\t\t<div class=\"elementor-element elementor-element-7062c04b elementor-hidden-desktop elementor-hidden-tablet elementor-widget elementor-widget-image\" data-id=\"7062c04b\" data-element_type=\"widget\" data-widget_type=\"image.default\">\n\t\t\t\t<div class=\"elementor-widget-container\">\n\t\t\t\t\t\t\t\t\t\t\t\t\t\t\t<img loading=\"lazy\" decoding=\"async\" width=\"1024\" height=\"472\" src=\"https:\/\/thenucleusorchestral.org\/wp-content\/uploads\/2025\/02\/First-Baptist-Orlando-January-2025-Te-Nucleus-Orchestral-Program-1024x472.webp\" class=\"attachment-large size-large wp-image-9544\" alt=\"First Baptist Orlando January 2025 Te Nucleus Orchestral Program\" srcset=\"https:\/\/thenucleusorchestral.org\/wp-content\/uploads\/2025\/02\/First-Baptist-Orlando-January-2025-Te-Nucleus-Orchestral-Program-1024x472.webp 1024w, https:\/\/thenucleusorchestral.org\/wp-content\/uploads\/2025\/02\/First-Baptist-Orlando-January-2025-Te-Nucleus-Orchestral-Program-300x138.webp 300w, https:\/\/thenucleusorchestral.org\/wp-content\/uploads\/2025\/02\/First-Baptist-Orlando-January-2025-Te-Nucleus-Orchestral-Program-768x354.webp 768w, https:\/\/thenucleusorchestral.org\/wp-content\/uploads\/2025\/02\/First-Baptist-Orlando-January-2025-Te-Nucleus-Orchestral-Program-1536x708.webp 1536w, https:\/\/thenucleusorchestral.org\/wp-content\/uploads\/2025\/02\/First-Baptist-Orlando-January-2025-Te-Nucleus-Orchestral-Program-2048x944.webp 2048w, https:\/\/thenucleusorchestral.org\/wp-content\/uploads\/2025\/02\/First-Baptist-Orlando-January-2025-Te-Nucleus-Orchestral-Program-18x8.webp 18w\" sizes=\"(max-width: 1024px) 100vw, 1024px\" \/>\t\t\t\t\t\t\t\t\t\t\t\t\t\t\t<\/div>\n\t\t\t\t<\/div>\n\t\t\t\t<div class=\"elementor-element elementor-element-2da19d40 elementor-hidden-tablet elementor-widget elementor-widget-heading\" data-id=\"2da19d40\" data-element_type=\"widget\" data-widget_type=\"heading.default\">\n\t\t\t\t<div class=\"elementor-widget-container\">\n\t\t\t\t\t<h4 class=\"elementor-heading-title elementor-size-default\">La colaboraci\u00f3n con el Coro Wattaka Tampa fue un punto culminante del evento.<\/h4>\t\t\t\t<\/div>\n\t\t\t\t<\/div>\n\t\t\t\t<div class=\"elementor-element elementor-element-19212bb3 elementor-hidden-tablet elementor-widget elementor-widget-text-editor\" data-id=\"19212bb3\" data-element_type=\"widget\" data-widget_type=\"text-editor.default\">\n\t\t\t\t<div class=\"elementor-widget-container\">\n\t\t\t\t\t\t\t\t\t<p data-sourcepos=\"11:1-11:290\">Sus voces se fusionaron con nuestros instrumentos, creando una sinfon\u00eda de esperanza y unidad. Juntos, logramos transmitir un mensaje poderoso de que, a pesar de las dificultades, la m\u00fasica y la fe pueden unirnos y darnos fuerza.<\/p><p data-sourcepos=\"13:1-13:322\">Este evento fue mucho m\u00e1s que un concierto. Fue una experiencia transformadora que nos record\u00f3 el poder de la m\u00fasica para sanar, unir y elevar el esp\u00edritu. Nos sentimos profundamente agradecidos por la oportunidad de ser parte de esta noche de oraci\u00f3n y m\u00fasica, y esperamos seguir utilizando nuestro talento para llevar esperanza y alegr\u00eda a nuestra comunidad.<\/p>\t\t\t\t\t\t\t\t<\/div>\n\t\t\t\t<\/div>\n\t\t\t\t<div class=\"elementor-element elementor-element-62376ee elementor-hidden-tablet elementor-hidden-desktop elementor-widget elementor-widget-image\" data-id=\"62376ee\" data-element_type=\"widget\" data-widget_type=\"image.default\">\n\t\t\t\t<div class=\"elementor-widget-container\">\n\t\t\t\t\t\t\t\t\t\t\t\t\t\t\t<img loading=\"lazy\" decoding=\"async\" width=\"1024\" height=\"472\" src=\"https:\/\/thenucleusorchestral.org\/wp-content\/uploads\/2025\/02\/First-Baptist-Orlando-January-2025-Te-Nucleus-Orchestral-Program-Orlando-1024x472.webp\" class=\"attachment-large size-large wp-image-9545\" alt=\"First Baptist Orlando January 2025 Te Nucleus Orchestral Program Orlando\" srcset=\"https:\/\/thenucleusorchestral.org\/wp-content\/uploads\/2025\/02\/First-Baptist-Orlando-January-2025-Te-Nucleus-Orchestral-Program-Orlando-1024x472.webp 1024w, https:\/\/thenucleusorchestral.org\/wp-content\/uploads\/2025\/02\/First-Baptist-Orlando-January-2025-Te-Nucleus-Orchestral-Program-Orlando-300x138.webp 300w, https:\/\/thenucleusorchestral.org\/wp-content\/uploads\/2025\/02\/First-Baptist-Orlando-January-2025-Te-Nucleus-Orchestral-Program-Orlando-768x354.webp 768w, https:\/\/thenucleusorchestral.org\/wp-content\/uploads\/2025\/02\/First-Baptist-Orlando-January-2025-Te-Nucleus-Orchestral-Program-Orlando-1536x708.webp 1536w, https:\/\/thenucleusorchestral.org\/wp-content\/uploads\/2025\/02\/First-Baptist-Orlando-January-2025-Te-Nucleus-Orchestral-Program-Orlando-2048x944.webp 2048w, https:\/\/thenucleusorchestral.org\/wp-content\/uploads\/2025\/02\/First-Baptist-Orlando-January-2025-Te-Nucleus-Orchestral-Program-Orlando-18x8.webp 18w\" sizes=\"(max-width: 1024px) 100vw, 1024px\" \/>\t\t\t\t\t\t\t\t\t\t\t\t\t\t\t<\/div>\n\t\t\t\t<\/div>\n\t\t\t\t<\/div>\n\t\t\t\t\t<\/div>\n\t\t\t\t<\/div>\n\t\t\t\t<\/div>\n\t\t\t\t\t<\/div>\n\t\t\t\t<\/div>\n\t\t<div class=\"elementor-element elementor-element-5a5924c0 elementor-hidden-desktop elementor-hidden-tablet e-flex e-con-boxed e-con e-parent\" data-id=\"5a5924c0\" data-element_type=\"container\" data-settings=\"{&quot;background_background&quot;:&quot;classic&quot;}\">\n\t\t\t\t\t<div class=\"e-con-inner\">\n\t\t<div class=\"elementor-element elementor-element-2a9a614a e-con-full e-flex e-con e-child\" data-id=\"2a9a614a\" data-element_type=\"container\" data-settings=\"{&quot;background_background&quot;:&quot;classic&quot;}\">\n\t\t\t\t<div class=\"elementor-element elementor-element-67207300 elementor-widget elementor-widget-heading\" data-id=\"67207300\" data-element_type=\"widget\" data-widget_type=\"heading.default\">\n\t\t\t\t<div class=\"elementor-widget-container\">\n\t\t\t\t\t<h3 class=\"elementor-heading-title elementor-size-default\">Otros Eventos<\/h3>\t\t\t\t<\/div>\n\t\t\t\t<\/div>\n\t\t\t\t<div class=\"elementor-element elementor-element-26c7396b elementor-widget-divider--view-line elementor-widget elementor-widget-divider\" data-id=\"26c7396b\" data-element_type=\"widget\" data-widget_type=\"divider.default\">\n\t\t\t\t<div class=\"elementor-widget-container\">\n\t\t\t\t\t\t\t<div class=\"elementor-divider\">\n\t\t\t<span class=\"elementor-divider-separator\">\n\t\t\t\t\t\t<\/span>\n\t\t<\/div>\n\t\t\t\t\t\t<\/div>\n\t\t\t\t<\/div>\n\t\t\t\t<div class=\"elementor-element elementor-element-51e184b0 elementor-icon-list--layout-traditional elementor-list-item-link-full_width elementor-widget elementor-widget-icon-list\" data-id=\"51e184b0\" data-element_type=\"widget\" data-widget_type=\"icon-list.default\">\n\t\t\t\t<div class=\"elementor-widget-container\">\n\t\t\t\t\t\t\t<ul class=\"elementor-icon-list-items\">\n\t\t\t\t\t\t\t<li class=\"elementor-icon-list-item\">\n\t\t\t\t\t\t\t\t\t\t\t<a href=\"https:\/\/thenucleusorchestral.org\/es\/somos-venezuela-fest\/\">\n\n\t\t\t\t\t\t\t\t\t\t\t\t<span class=\"elementor-icon-list-icon\">\n\t\t\t\t\t\t\t<svg aria-hidden=\"true\" class=\"e-font-icon-svg e-fas-angle-right\" viewbox=\"0 0 256 512\" xmlns=\"http:\/\/www.w3.org\/2000\/svg\"><path d=\"M224.3 273l-136 136c-9.4 9.4-24.6 9.4-33.9 0l-22.6-22.6c-9.4-9.4-9.4-24.6 0-33.9l96.4-96.4-96.4-96.4c-9.4-9.4-9.4-24.6 0-33.9L54.3 103c9.4-9.4 24.6-9.4 33.9 0l136 136c9.5 9.4 9.5 24.6.1 34z\"><\/path><\/svg>\t\t\t\t\t\t<\/span>\n\t\t\t\t\t\t\t\t\t\t<span class=\"elementor-icon-list-text\">Somos Venezuela Fest \u2013 April 27, 2024 \u2013 Festival Park, Orlando, Florida.<\/span>\n\t\t\t\t\t\t\t\t\t\t\t<\/a>\n\t\t\t\t\t\t\t\t\t<\/li>\n\t\t\t\t\t\t\t\t<li class=\"elementor-icon-list-item\">\n\t\t\t\t\t\t\t\t\t\t\t<a href=\"https:\/\/thenucleusorchestral.org\/es\/first-baptist-orlando-florida\/\">\n\n\t\t\t\t\t\t\t\t\t\t\t\t<span class=\"elementor-icon-list-icon\">\n\t\t\t\t\t\t\t<svg aria-hidden=\"true\" class=\"e-font-icon-svg e-fas-angle-right\" viewbox=\"0 0 256 512\" xmlns=\"http:\/\/www.w3.org\/2000\/svg\"><path d=\"M224.3 273l-136 136c-9.4 9.4-24.6 9.4-33.9 0l-22.6-22.6c-9.4-9.4-9.4-24.6 0-33.9l96.4-96.4-96.4-96.4c-9.4-9.4-9.4-24.6 0-33.9L54.3 103c9.4-9.4 24.6-9.4 33.9 0l136 136c9.5 9.4 9.5 24.6.1 34z\"><\/path><\/svg>\t\t\t\t\t\t<\/span>\n\t\t\t\t\t\t\t\t\t\t<span class=\"elementor-icon-list-text\">First Baptist Orlando, Florida \u2013 8 de junio de 2024 \u2013 Primera Iglesia Bautista de Orlando, Florida.<\/span>\n\t\t\t\t\t\t\t\t\t\t\t<\/a>\n\t\t\t\t\t\t\t\t\t<\/li>\n\t\t\t\t\t\t\t\t<li class=\"elementor-icon-list-item\">\n\t\t\t\t\t\t\t\t\t\t\t<a href=\"https:\/\/thenucleusorchestral.org\/es\/expo-kids-bussines\/\">\n\n\t\t\t\t\t\t\t\t\t\t\t\t<span class=\"elementor-icon-list-icon\">\n\t\t\t\t\t\t\t<svg aria-hidden=\"true\" class=\"e-font-icon-svg e-fas-angle-right\" viewbox=\"0 0 256 512\" xmlns=\"http:\/\/www.w3.org\/2000\/svg\"><path d=\"M224.3 273l-136 136c-9.4 9.4-24.6 9.4-33.9 0l-22.6-22.6c-9.4-9.4-9.4-24.6 0-33.9l96.4-96.4-96.4-96.4c-9.4-9.4-9.4-24.6 0-33.9L54.3 103c9.4-9.4 24.6-9.4 33.9 0l136 136c9.5 9.4 9.5 24.6.1 34z\"><\/path><\/svg>\t\t\t\t\t\t<\/span>\n\t\t\t\t\t\t\t\t\t\t<span class=\"elementor-icon-list-text\">Expo Kids Business - 13 de julio de 2024 \u2013 Escuela secundaria Tohopekaliga, Kissimmee, Florida.<\/span>\n\t\t\t\t\t\t\t\t\t\t\t<\/a>\n\t\t\t\t\t\t\t\t\t<\/li>\n\t\t\t\t\t\t\t\t<li class=\"elementor-icon-list-item\">\n\t\t\t\t\t\t\t\t\t\t\t<a href=\"#\">\n\n\t\t\t\t\t\t\t\t\t\t\t\t<span class=\"elementor-icon-list-icon\">\n\t\t\t\t\t\t\t<svg aria-hidden=\"true\" class=\"e-font-icon-svg e-fas-angle-right\" viewbox=\"0 0 256 512\" xmlns=\"http:\/\/www.w3.org\/2000\/svg\"><path d=\"M224.3 273l-136 136c-9.4 9.4-24.6 9.4-33.9 0l-22.6-22.6c-9.4-9.4-9.4-24.6 0-33.9l96.4-96.4-96.4-96.4c-9.4-9.4-9.4-24.6 0-33.9L54.3 103c9.4-9.4 24.6-9.4 33.9 0l136 136c9.5 9.4 9.5 24.6.1 34z\"><\/path><\/svg>\t\t\t\t\t\t<\/span>\n\t\t\t\t\t\t\t\t\t\t<span class=\"elementor-icon-list-text\">Concierto de Gala de Verano - 13 de Julio 2024<\/span>\n\t\t\t\t\t\t\t\t\t\t\t<\/a>\n\t\t\t\t\t\t\t\t\t<\/li>\n\t\t\t\t\t\t\t\t<li class=\"elementor-icon-list-item\">\n\t\t\t\t\t\t\t\t\t\t\t<a href=\"https:\/\/thenucleusorchestral.org\/es\/celebracion-del-mes-de-la-herencia-hispana\/\">\n\n\t\t\t\t\t\t\t\t\t\t\t\t<span class=\"elementor-icon-list-icon\">\n\t\t\t\t\t\t\t<svg aria-hidden=\"true\" class=\"e-font-icon-svg e-fas-angle-right\" viewbox=\"0 0 256 512\" xmlns=\"http:\/\/www.w3.org\/2000\/svg\"><path d=\"M224.3 273l-136 136c-9.4 9.4-24.6 9.4-33.9 0l-22.6-22.6c-9.4-9.4-9.4-24.6 0-33.9l96.4-96.4-96.4-96.4c-9.4-9.4-9.4-24.6 0-33.9L54.3 103c9.4-9.4 24.6-9.4 33.9 0l136 136c9.5 9.4 9.5 24.6.1 34z\"><\/path><\/svg>\t\t\t\t\t\t<\/span>\n\t\t\t\t\t\t\t\t\t\t<span class=\"elementor-icon-list-text\">Celebraci\u00f3n del Mes de la Herencia Hispana \u2013 2 de octubre de 2024 \u2013 Denn John Middle School, Kissimmee, Florida.<\/span>\n\t\t\t\t\t\t\t\t\t\t\t<\/a>\n\t\t\t\t\t\t\t\t\t<\/li>\n\t\t\t\t\t\t\t\t<li class=\"elementor-icon-list-item\">\n\t\t\t\t\t\t\t\t\t\t\t<a href=\"https:\/\/thenucleusorchestral.org\/es\/lanzamiento-de-recetas-del-exito-bussines-planner-4ta-edicion-festival-de-primavera\/\">\n\n\t\t\t\t\t\t\t\t\t\t\t\t<span class=\"elementor-icon-list-icon\">\n\t\t\t\t\t\t\t<svg aria-hidden=\"true\" class=\"e-font-icon-svg e-fas-angle-right\" viewbox=\"0 0 256 512\" xmlns=\"http:\/\/www.w3.org\/2000\/svg\"><path d=\"M224.3 273l-136 136c-9.4 9.4-24.6 9.4-33.9 0l-22.6-22.6c-9.4-9.4-9.4-24.6 0-33.9l96.4-96.4-96.4-96.4c-9.4-9.4-9.4-24.6 0-33.9L54.3 103c9.4-9.4 24.6-9.4 33.9 0l136 136c9.5 9.4 9.5 24.6.1 34z\"><\/path><\/svg>\t\t\t\t\t\t<\/span>\n\t\t\t\t\t\t\t\t\t\t<span class=\"elementor-icon-list-text\">Lanzamiento de *Recetas del \u00c9xito*, Business Planner 4ta Edici\u00f3n \u2013 24 de octubre de 2024 \u2013 Hi Hello Lab, Downtown Orlando, Florida.<\/span>\n\t\t\t\t\t\t\t\t\t\t\t<\/a>\n\t\t\t\t\t\t\t\t\t<\/li>\n\t\t\t\t\t\t\t\t<li class=\"elementor-icon-list-item\">\n\t\t\t\t\t\t\t\t\t\t\t<a href=\"#\">\n\n\t\t\t\t\t\t\t\t\t\t\t\t<span class=\"elementor-icon-list-icon\">\n\t\t\t\t\t\t\t<svg aria-hidden=\"true\" class=\"e-font-icon-svg e-fas-angle-right\" viewbox=\"0 0 256 512\" xmlns=\"http:\/\/www.w3.org\/2000\/svg\"><path d=\"M224.3 273l-136 136c-9.4 9.4-24.6 9.4-33.9 0l-22.6-22.6c-9.4-9.4-9.4-24.6 0-33.9l96.4-96.4-96.4-96.4c-9.4-9.4-9.4-24.6 0-33.9L54.3 103c9.4-9.4 24.6-9.4 33.9 0l136 136c9.5 9.4 9.5 24.6.1 34z\"><\/path><\/svg>\t\t\t\t\t\t<\/span>\n\t\t\t\t\t\t\t\t\t\t<span class=\"elementor-icon-list-text\">Fusion Fest \u2013 30 de noviembre de 2024 \u2013 Doctor Phillips Center, centro de Orlando, Florida.<\/span>\n\t\t\t\t\t\t\t\t\t\t\t<\/a>\n\t\t\t\t\t\t\t\t\t<\/li>\n\t\t\t\t\t\t\t\t<li class=\"elementor-icon-list-item\">\n\t\t\t\t\t\t\t\t\t\t\t<a href=\"#\">\n\n\t\t\t\t\t\t\t\t\t\t\t\t<span class=\"elementor-icon-list-icon\">\n\t\t\t\t\t\t\t<svg aria-hidden=\"true\" class=\"e-font-icon-svg e-fas-angle-right\" viewbox=\"0 0 256 512\" xmlns=\"http:\/\/www.w3.org\/2000\/svg\"><path d=\"M224.3 273l-136 136c-9.4 9.4-24.6 9.4-33.9 0l-22.6-22.6c-9.4-9.4-9.4-24.6 0-33.9l96.4-96.4-96.4-96.4c-9.4-9.4-9.4-24.6 0-33.9L54.3 103c9.4-9.4 24.6-9.4 33.9 0l136 136c9.5 9.4 9.5 24.6.1 34z\"><\/path><\/svg>\t\t\t\t\t\t<\/span>\n\t\t\t\t\t\t\t\t\t\t<span class=\"elementor-icon-list-text\">Bazar Navide\u00f1o organizado por Casa de Venezuela \u2013 15 de diciembre de 2024 \u2013 Fashion Square Mall, Orlando.<\/span>\n\t\t\t\t\t\t\t\t\t\t\t<\/a>\n\t\t\t\t\t\t\t\t\t<\/li>\n\t\t\t\t\t\t\t\t<li class=\"elementor-icon-list-item\">\n\t\t\t\t\t\t\t\t\t\t\t<a href=\"#\">\n\n\t\t\t\t\t\t\t\t\t\t\t\t<span class=\"elementor-icon-list-icon\">\n\t\t\t\t\t\t\t<svg aria-hidden=\"true\" class=\"e-font-icon-svg e-fas-angle-right\" viewbox=\"0 0 256 512\" xmlns=\"http:\/\/www.w3.org\/2000\/svg\"><path d=\"M224.3 273l-136 136c-9.4 9.4-24.6 9.4-33.9 0l-22.6-22.6c-9.4-9.4-9.4-24.6 0-33.9l96.4-96.4-96.4-96.4c-9.4-9.4-9.4-24.6 0-33.9L54.3 103c9.4-9.4 24.6-9.4 33.9 0l136 136c9.5 9.4 9.5 24.6.1 34z\"><\/path><\/svg>\t\t\t\t\t\t<\/span>\n\t\t\t\t\t\t\t\t\t\t<span class=\"elementor-icon-list-text\">Gala Sinf\u00f3nica Estrellas Navide\u00f1as 2da Edici\u00f3n \u2013 21 de diciembre de 2024 \u2013 Tohopekaliga High School, Kissimmee, Florida.<\/span>\n\t\t\t\t\t\t\t\t\t\t\t<\/a>\n\t\t\t\t\t\t\t\t\t<\/li>\n\t\t\t\t\t\t<\/ul>\n\t\t\t\t\t\t<\/div>\n\t\t\t\t<\/div>\n\t\t\t\t<\/div>\n\t\t\t\t\t<\/div>\n\t\t\t\t<\/div>\n\t\t<div class=\"elementor-element elementor-element-12aaf3de elementor-hidden-mobile e-flex e-con-boxed e-con e-parent\" data-id=\"12aaf3de\" data-element_type=\"container\" data-settings=\"{&quot;background_background&quot;:&quot;classic&quot;}\">\n\t\t\t\t\t<div class=\"e-con-inner\">\n\t\t<div class=\"elementor-element elementor-element-4b488c58 e-con-full e-flex e-con e-child\" data-id=\"4b488c58\" data-element_type=\"container\" data-settings=\"{&quot;background_background&quot;:&quot;classic&quot;}\">\n\t\t\t\t<div class=\"elementor-element elementor-element-78bbc700 elementor-widget elementor-widget-heading\" data-id=\"78bbc700\" data-element_type=\"widget\" data-widget_type=\"heading.default\">\n\t\t\t\t<div class=\"elementor-widget-container\">\n\t\t\t\t\t<h3 class=\"elementor-heading-title elementor-size-default\">Otros Eventos<\/h3>\t\t\t\t<\/div>\n\t\t\t\t<\/div>\n\t\t\t\t<div class=\"elementor-element elementor-element-2b8ea92f elementor-widget-divider--view-line elementor-widget elementor-widget-divider\" data-id=\"2b8ea92f\" data-element_type=\"widget\" data-widget_type=\"divider.default\">\n\t\t\t\t<div class=\"elementor-widget-container\">\n\t\t\t\t\t\t\t<div class=\"elementor-divider\">\n\t\t\t<span class=\"elementor-divider-separator\">\n\t\t\t\t\t\t<\/span>\n\t\t<\/div>\n\t\t\t\t\t\t<\/div>\n\t\t\t\t<\/div>\n\t\t\t\t<div class=\"elementor-element elementor-element-62063a7 elementor-icon-list--layout-traditional elementor-list-item-link-full_width elementor-widget elementor-widget-icon-list\" data-id=\"62063a7\" data-element_type=\"widget\" data-widget_type=\"icon-list.default\">\n\t\t\t\t<div class=\"elementor-widget-container\">\n\t\t\t\t\t\t\t<ul class=\"elementor-icon-list-items\">\n\t\t\t\t\t\t\t<li class=\"elementor-icon-list-item\">\n\t\t\t\t\t\t\t\t\t\t\t<a href=\"https:\/\/thenucleusorchestral.org\/es\/somos-venezuela-fest\/\">\n\n\t\t\t\t\t\t\t\t\t\t\t\t<span class=\"elementor-icon-list-icon\">\n\t\t\t\t\t\t\t<svg aria-hidden=\"true\" class=\"e-font-icon-svg e-fas-angle-right\" viewbox=\"0 0 256 512\" xmlns=\"http:\/\/www.w3.org\/2000\/svg\"><path d=\"M224.3 273l-136 136c-9.4 9.4-24.6 9.4-33.9 0l-22.6-22.6c-9.4-9.4-9.4-24.6 0-33.9l96.4-96.4-96.4-96.4c-9.4-9.4-9.4-24.6 0-33.9L54.3 103c9.4-9.4 24.6-9.4 33.9 0l136 136c9.5 9.4 9.5 24.6.1 34z\"><\/path><\/svg>\t\t\t\t\t\t<\/span>\n\t\t\t\t\t\t\t\t\t\t<span class=\"elementor-icon-list-text\">Somos Venezuela Fest \u2013 April 27, 2024 \u2013 Festival Park, Orlando, Florida.<\/span>\n\t\t\t\t\t\t\t\t\t\t\t<\/a>\n\t\t\t\t\t\t\t\t\t<\/li>\n\t\t\t\t\t\t\t\t<li class=\"elementor-icon-list-item\">\n\t\t\t\t\t\t\t\t\t\t\t<a href=\"https:\/\/thenucleusorchestral.org\/es\/first-baptist-orlando-florida\/\">\n\n\t\t\t\t\t\t\t\t\t\t\t\t<span class=\"elementor-icon-list-icon\">\n\t\t\t\t\t\t\t<svg aria-hidden=\"true\" class=\"e-font-icon-svg e-fas-angle-right\" viewbox=\"0 0 256 512\" xmlns=\"http:\/\/www.w3.org\/2000\/svg\"><path d=\"M224.3 273l-136 136c-9.4 9.4-24.6 9.4-33.9 0l-22.6-22.6c-9.4-9.4-9.4-24.6 0-33.9l96.4-96.4-96.4-96.4c-9.4-9.4-9.4-24.6 0-33.9L54.3 103c9.4-9.4 24.6-9.4 33.9 0l136 136c9.5 9.4 9.5 24.6.1 34z\"><\/path><\/svg>\t\t\t\t\t\t<\/span>\n\t\t\t\t\t\t\t\t\t\t<span class=\"elementor-icon-list-text\">First Baptist Orlando, Florida \u2013 8 de junio de 2024 \u2013 Primera Iglesia Bautista de Orlando, Florida.<\/span>\n\t\t\t\t\t\t\t\t\t\t\t<\/a>\n\t\t\t\t\t\t\t\t\t<\/li>\n\t\t\t\t\t\t\t\t<li class=\"elementor-icon-list-item\">\n\t\t\t\t\t\t\t\t\t\t\t<a href=\"https:\/\/thenucleusorchestral.org\/es\/expo-kids-bussines\/\">\n\n\t\t\t\t\t\t\t\t\t\t\t\t<span class=\"elementor-icon-list-icon\">\n\t\t\t\t\t\t\t<svg aria-hidden=\"true\" class=\"e-font-icon-svg e-fas-angle-right\" viewbox=\"0 0 256 512\" xmlns=\"http:\/\/www.w3.org\/2000\/svg\"><path d=\"M224.3 273l-136 136c-9.4 9.4-24.6 9.4-33.9 0l-22.6-22.6c-9.4-9.4-9.4-24.6 0-33.9l96.4-96.4-96.4-96.4c-9.4-9.4-9.4-24.6 0-33.9L54.3 103c9.4-9.4 24.6-9.4 33.9 0l136 136c9.5 9.4 9.5 24.6.1 34z\"><\/path><\/svg>\t\t\t\t\t\t<\/span>\n\t\t\t\t\t\t\t\t\t\t<span class=\"elementor-icon-list-text\">Expo Kids Business - 13 de julio de 2024 \u2013 Escuela secundaria Tohopekaliga, Kissimmee, Florida.<\/span>\n\t\t\t\t\t\t\t\t\t\t\t<\/a>\n\t\t\t\t\t\t\t\t\t<\/li>\n\t\t\t\t\t\t\t\t<li class=\"elementor-icon-list-item\">\n\t\t\t\t\t\t\t\t\t\t\t<a href=\"#\">\n\n\t\t\t\t\t\t\t\t\t\t\t\t<span class=\"elementor-icon-list-icon\">\n\t\t\t\t\t\t\t<svg aria-hidden=\"true\" class=\"e-font-icon-svg e-fas-angle-right\" viewbox=\"0 0 256 512\" xmlns=\"http:\/\/www.w3.org\/2000\/svg\"><path d=\"M224.3 273l-136 136c-9.4 9.4-24.6 9.4-33.9 0l-22.6-22.6c-9.4-9.4-9.4-24.6 0-33.9l96.4-96.4-96.4-96.4c-9.4-9.4-9.4-24.6 0-33.9L54.3 103c9.4-9.4 24.6-9.4 33.9 0l136 136c9.5 9.4 9.5 24.6.1 34z\"><\/path><\/svg>\t\t\t\t\t\t<\/span>\n\t\t\t\t\t\t\t\t\t\t<span class=\"elementor-icon-list-text\">Concierto de Gala de Verano - 13 de Julio 2024<\/span>\n\t\t\t\t\t\t\t\t\t\t\t<\/a>\n\t\t\t\t\t\t\t\t\t<\/li>\n\t\t\t\t\t\t\t\t<li class=\"elementor-icon-list-item\">\n\t\t\t\t\t\t\t\t\t\t\t<a href=\"https:\/\/thenucleusorchestral.org\/es\/celebracion-del-mes-de-la-herencia-hispana\/\">\n\n\t\t\t\t\t\t\t\t\t\t\t\t<span class=\"elementor-icon-list-icon\">\n\t\t\t\t\t\t\t<svg aria-hidden=\"true\" class=\"e-font-icon-svg e-fas-angle-right\" viewbox=\"0 0 256 512\" xmlns=\"http:\/\/www.w3.org\/2000\/svg\"><path d=\"M224.3 273l-136 136c-9.4 9.4-24.6 9.4-33.9 0l-22.6-22.6c-9.4-9.4-9.4-24.6 0-33.9l96.4-96.4-96.4-96.4c-9.4-9.4-9.4-24.6 0-33.9L54.3 103c9.4-9.4 24.6-9.4 33.9 0l136 136c9.5 9.4 9.5 24.6.1 34z\"><\/path><\/svg>\t\t\t\t\t\t<\/span>\n\t\t\t\t\t\t\t\t\t\t<span class=\"elementor-icon-list-text\">Celebraci\u00f3n del Mes de la Herencia Hispana \u2013 2 de octubre de 2024 \u2013 Denn John Middle School, Kissimmee, Florida.<\/span>\n\t\t\t\t\t\t\t\t\t\t\t<\/a>\n\t\t\t\t\t\t\t\t\t<\/li>\n\t\t\t\t\t\t\t\t<li class=\"elementor-icon-list-item\">\n\t\t\t\t\t\t\t\t\t\t\t<a href=\"https:\/\/thenucleusorchestral.org\/es\/lanzamiento-de-recetas-del-exito-bussines-planner-4ta-edicion-festival-de-primavera\/\">\n\n\t\t\t\t\t\t\t\t\t\t\t\t<span class=\"elementor-icon-list-icon\">\n\t\t\t\t\t\t\t<svg aria-hidden=\"true\" class=\"e-font-icon-svg e-fas-angle-right\" viewbox=\"0 0 256 512\" xmlns=\"http:\/\/www.w3.org\/2000\/svg\"><path d=\"M224.3 273l-136 136c-9.4 9.4-24.6 9.4-33.9 0l-22.6-22.6c-9.4-9.4-9.4-24.6 0-33.9l96.4-96.4-96.4-96.4c-9.4-9.4-9.4-24.6 0-33.9L54.3 103c9.4-9.4 24.6-9.4 33.9 0l136 136c9.5 9.4 9.5 24.6.1 34z\"><\/path><\/svg>\t\t\t\t\t\t<\/span>\n\t\t\t\t\t\t\t\t\t\t<span class=\"elementor-icon-list-text\">Lanzamiento de *Recetas del \u00c9xito*, Business Planner 4ta Edici\u00f3n \u2013 24 de octubre de 2024 \u2013 Hi Hello Lab, Downtown Orlando, Florida.<\/span>\n\t\t\t\t\t\t\t\t\t\t\t<\/a>\n\t\t\t\t\t\t\t\t\t<\/li>\n\t\t\t\t\t\t\t\t<li class=\"elementor-icon-list-item\">\n\t\t\t\t\t\t\t\t\t\t\t<a href=\"#\">\n\n\t\t\t\t\t\t\t\t\t\t\t\t<span class=\"elementor-icon-list-icon\">\n\t\t\t\t\t\t\t<svg aria-hidden=\"true\" class=\"e-font-icon-svg e-fas-angle-right\" viewbox=\"0 0 256 512\" xmlns=\"http:\/\/www.w3.org\/2000\/svg\"><path d=\"M224.3 273l-136 136c-9.4 9.4-24.6 9.4-33.9 0l-22.6-22.6c-9.4-9.4-9.4-24.6 0-33.9l96.4-96.4-96.4-96.4c-9.4-9.4-9.4-24.6 0-33.9L54.3 103c9.4-9.4 24.6-9.4 33.9 0l136 136c9.5 9.4 9.5 24.6.1 34z\"><\/path><\/svg>\t\t\t\t\t\t<\/span>\n\t\t\t\t\t\t\t\t\t\t<span class=\"elementor-icon-list-text\">Fusion Fest \u2013 30 de noviembre de 2024 \u2013 Doctor Phillips Center, centro de Orlando, Florida.<\/span>\n\t\t\t\t\t\t\t\t\t\t\t<\/a>\n\t\t\t\t\t\t\t\t\t<\/li>\n\t\t\t\t\t\t\t\t<li class=\"elementor-icon-list-item\">\n\t\t\t\t\t\t\t\t\t\t\t<a href=\"#\">\n\n\t\t\t\t\t\t\t\t\t\t\t\t<span class=\"elementor-icon-list-icon\">\n\t\t\t\t\t\t\t<svg aria-hidden=\"true\" class=\"e-font-icon-svg e-fas-angle-right\" viewbox=\"0 0 256 512\" xmlns=\"http:\/\/www.w3.org\/2000\/svg\"><path d=\"M224.3 273l-136 136c-9.4 9.4-24.6 9.4-33.9 0l-22.6-22.6c-9.4-9.4-9.4-24.6 0-33.9l96.4-96.4-96.4-96.4c-9.4-9.4-9.4-24.6 0-33.9L54.3 103c9.4-9.4 24.6-9.4 33.9 0l136 136c9.5 9.4 9.5 24.6.1 34z\"><\/path><\/svg>\t\t\t\t\t\t<\/span>\n\t\t\t\t\t\t\t\t\t\t<span class=\"elementor-icon-list-text\">Bazar Navide\u00f1o organizado por Casa de Venezuela \u2013 15 de diciembre de 2024 \u2013 Fashion Square Mall, Orlando.<\/span>\n\t\t\t\t\t\t\t\t\t\t\t<\/a>\n\t\t\t\t\t\t\t\t\t<\/li>\n\t\t\t\t\t\t\t\t<li class=\"elementor-icon-list-item\">\n\t\t\t\t\t\t\t\t\t\t\t<a href=\"#\">\n\n\t\t\t\t\t\t\t\t\t\t\t\t<span class=\"elementor-icon-list-icon\">\n\t\t\t\t\t\t\t<svg aria-hidden=\"true\" class=\"e-font-icon-svg e-fas-angle-right\" viewbox=\"0 0 256 512\" xmlns=\"http:\/\/www.w3.org\/2000\/svg\"><path d=\"M224.3 273l-136 136c-9.4 9.4-24.6 9.4-33.9 0l-22.6-22.6c-9.4-9.4-9.4-24.6 0-33.9l96.4-96.4-96.4-96.4c-9.4-9.4-9.4-24.6 0-33.9L54.3 103c9.4-9.4 24.6-9.4 33.9 0l136 136c9.5 9.4 9.5 24.6.1 34z\"><\/path><\/svg>\t\t\t\t\t\t<\/span>\n\t\t\t\t\t\t\t\t\t\t<span class=\"elementor-icon-list-text\">Gala Sinf\u00f3nica Estrellas Navide\u00f1as 2da Edici\u00f3n \u2013 21 de diciembre de 2024 \u2013 Tohopekaliga High School, Kissimmee, Florida.<\/span>\n\t\t\t\t\t\t\t\t\t\t\t<\/a>\n\t\t\t\t\t\t\t\t\t<\/li>\n\t\t\t\t\t\t<\/ul>\n\t\t\t\t\t\t<\/div>\n\t\t\t\t<\/div>\n\t\t\t\t<\/div>\n\t\t\t\t\t<\/div>\n\t\t\t\t<\/div>\n\t\t<div class=\"elementor-element elementor-element-33068f1 e-flex e-con-boxed e-con e-parent\" data-id=\"33068f1\" data-element_type=\"container\">\n\t\t\t\t\t<div class=\"e-con-inner\">\n\t\t\t\t<div class=\"elementor-element elementor-element-5d39707b elementor-widget__width-auto elementor-fixed elementor-widget elementor-widget-button\" data-id=\"5d39707b\" data-element_type=\"widget\" data-settings=\"{&quot;_position&quot;:&quot;fixed&quot;}\" data-widget_type=\"button.default\">\n\t\t\t\t<div class=\"elementor-widget-container\">\n\t\t\t\t\t\t\t\t\t<div class=\"elementor-button-wrapper\">\n\t\t\t\t\t<a class=\"elementor-button elementor-button-link elementor-size-sm\" href=\"https:\/\/wa.link\/igmo3f\">\n\t\t\t\t\t\t<span class=\"elementor-button-content-wrapper\">\n\t\t\t\t\t\t<span class=\"elementor-button-icon\">\n\t\t\t\t<svg aria-hidden=\"true\" class=\"e-font-icon-svg e-fab-whatsapp\" viewbox=\"0 0 448 512\" xmlns=\"http:\/\/www.w3.org\/2000\/svg\"><path d=\"M380.9 97.1C339 55.1 283.2 32 223.9 32c-122.4 0-222 99.6-222 222 0 39.1 10.2 77.3 29.6 111L0 480l117.7-30.9c32.4 17.7 68.9 27 106.1 27h.1c122.3 0 224.1-99.6 224.1-222 0-59.3-25.2-115-67.1-157zm-157 341.6c-33.2 0-65.7-8.9-94-25.7l-6.7-4-69.8 18.3L72 359.2l-4.4-7c-18.5-29.4-28.2-63.3-28.2-98.2 0-101.7 82.8-184.5 184.6-184.5 49.3 0 95.6 19.2 130.4 54.1 34.8 34.9 56.2 81.2 56.1 130.5 0 101.8-84.9 184.6-186.6 184.6zm101.2-138.2c-5.5-2.8-32.8-16.2-37.9-18-5.1-1.9-8.8-2.8-12.5 2.8-3.7 5.6-14.3 18-17.6 21.8-3.2 3.7-6.5 4.2-12 1.4-32.6-16.3-54-29.1-75.5-66-5.7-9.8 5.7-9.1 16.3-30.3 1.8-3.7.9-6.9-.5-9.7-1.4-2.8-12.5-30.1-17.1-41.2-4.5-10.8-9.1-9.3-12.5-9.5-3.2-.2-6.9-.2-10.6-.2-3.7 0-9.7 1.4-14.8 6.9-5.1 5.6-19.4 19-19.4 46.3 0 27.3 19.9 53.7 22.6 57.4 2.8 3.7 39.1 59.7 94.8 83.8 35.2 15.2 49 16.5 66.6 13.9 10.7-1.6 32.8-13.4 37.4-26.4 4.6-13 4.6-24.1 3.2-26.4-1.3-2.5-5-3.9-10.5-6.6z\"><\/path><\/svg>\t\t\t<\/span>\n\t\t\t\t\t\t\t\t<\/span>\n\t\t\t\t\t<\/a>\n\t\t\t\t<\/div>\n\t\t\t\t\t\t\t\t<\/div>\n\t\t\t\t<\/div>\n\t\t\t\t\t<\/div>\n\t\t\t\t<\/div>\n\t\t<div class=\"elementor-element elementor-element-b1cc9d1 e-flex e-con-boxed e-con e-parent\" data-id=\"b1cc9d1\" data-element_type=\"container\" data-settings=\"{&quot;background_background&quot;:&quot;classic&quot;}\">\n\t\t\t\t\t<div class=\"e-con-inner\">\n\t\t<div class=\"elementor-element elementor-element-358f7c87 e-con-full e-flex e-con e-child\" data-id=\"358f7c87\" data-element_type=\"container\">\n\t\t\t\t<div class=\"elementor-element elementor-element-22f7487c elementor-widget elementor-widget-heading\" data-id=\"22f7487c\" data-element_type=\"widget\" data-widget_type=\"heading.default\">\n\t\t\t\t<div class=\"elementor-widget-container\">\n\t\t\t\t\t<h6 class=\"elementor-heading-title elementor-size-default\">COLABORA CON NOSOTROS<\/h6>\t\t\t\t<\/div>\n\t\t\t\t<\/div>\n\t\t\t\t<div class=\"elementor-element elementor-element-56b27f91 elementor-widget-divider--view-line elementor-widget elementor-widget-divider\" data-id=\"56b27f91\" data-element_type=\"widget\" data-widget_type=\"divider.default\">\n\t\t\t\t<div class=\"elementor-widget-container\">\n\t\t\t\t\t\t\t<div class=\"elementor-divider\">\n\t\t\t<span class=\"elementor-divider-separator\">\n\t\t\t\t\t\t<\/span>\n\t\t<\/div>\n\t\t\t\t\t\t<\/div>\n\t\t\t\t<\/div>\n\t\t\t\t<div class=\"elementor-element elementor-element-6cfec935 elementor-widget elementor-widget-heading\" data-id=\"6cfec935\" data-element_type=\"widget\" data-widget_type=\"heading.default\">\n\t\t\t\t<div class=\"elementor-widget-container\">\n\t\t\t\t\t<h3 class=\"elementor-heading-title elementor-size-default\">Si quieres colaborar con una organizaci\u00f3n para generar impacto real en nuestros ni\u00f1os, \u00fanete a nuestro programa de donaci\u00f3n.<\/h3>\t\t\t\t<\/div>\n\t\t\t\t<\/div>\n\t\t\t\t<div class=\"elementor-element elementor-element-349391cd elementor-widget elementor-widget-html\" data-id=\"349391cd\" data-element_type=\"widget\" data-widget_type=\"html.default\">\n\t\t\t\t<div class=\"elementor-widget-container\">\n\t\t\t\t\t<givebutter-widget id=\"jNwdkL\"><\/givebutter-widget> \t\t\t\t<\/div>\n\t\t\t\t<\/div>\n\t\t\t\t<\/div>\n\t\t\t\t\t<\/div>\n\t\t\t\t<\/div>\n\t\t\t\t<\/div>","protected":false},"excerpt":{"rendered":"<p>United in Prayer and Music: The Nucleus Orchestra at First Baptist Orlando January 11, 2025 \u2013 First Baptist Orlando On January 11, 2025, The Nucleus Orchestra had the honor of participating in a very special event organized by Casa de Venezuela at the majestic First Baptist Orlando church. This emotional evening gathered hundreds of people [&hellip;]<\/p>","protected":false},"author":4,"featured_media":7438,"parent":0,"menu_order":0,"comment_status":"closed","ping_status":"closed","template":"","meta":{"site-sidebar-layout":"no-sidebar","site-content-layout":"page-builder","ast-site-content-layout":"full-width-container","site-content-style":"default","site-sidebar-style":"default","ast-global-header-display":"","ast-banner-title-visibility":"","ast-main-header-display":"","ast-hfb-above-header-display":"","ast-hfb-below-header-display":"","ast-hfb-mobile-header-display":"","site-post-title":"disabled","ast-breadcrumbs-content":"","ast-featured-img":"disabled","footer-sml-layout":"","theme-transparent-header-meta":"","adv-header-id-meta":"","stick-header-meta":"","header-above-stick-meta":"","header-main-stick-meta":"","header-below-stick-meta":"","astra-migrate-meta-layouts":"set","ast-page-background-enabled":"default","ast-page-background-meta":{"desktop":{"background-color":"","background-image":"","background-repeat":"repeat","background-position":"center center","background-size":"auto","background-attachment":"scroll","background-type":"","background-media":"","overlay-type":"","overlay-color":"","overlay-opacity":"","overlay-gradient":""},"tablet":{"background-color":"","background-image":"","background-repeat":"repeat","background-position":"center center","background-size":"auto","background-attachment":"scroll","background-type":"","background-media":"","overlay-type":"","overlay-color":"","overlay-opacity":"","overlay-gradient":""},"mobile":{"background-color":"","background-image":"","background-repeat":"repeat","background-position":"center center","background-size":"auto","background-attachment":"scroll","background-type":"","background-media":"","overlay-type":"","overlay-color":"","overlay-opacity":"","overlay-gradient":""}},"ast-content-background-meta":{"desktop":{"background-color":"var(--ast-global-color-5)","background-image":"","background-repeat":"repeat","background-position":"center center","background-size":"auto","background-attachment":"scroll","background-type":"","background-media":"","overlay-type":"","overlay-color":"","overlay-opacity":"","overlay-gradient":""},"tablet":{"background-color":"var(--ast-global-color-5)","background-image":"","background-repeat":"repeat","background-position":"center center","background-size":"auto","background-attachment":"scroll","background-type":"","background-media":"","overlay-type":"","overlay-color":"","overlay-opacity":"","overlay-gradient":""},"mobile":{"background-color":"var(--ast-global-color-5)","background-image":"","background-repeat":"repeat","background-position":"center center","background-size":"auto","background-attachment":"scroll","background-type":"","background-media":"","overlay-type":"","overlay-color":"","overlay-opacity":"","overlay-gradient":""}},"_mbp_gutenberg_autopost":false,"footnotes":""},"class_list":["post-9528","page","type-page","status-publish","has-post-thumbnail","hentry"],"_links":{"self":[{"href":"https:\/\/thenucleusorchestral.org\/es\/wp-json\/wp\/v2\/pages\/9528","targetHints":{"allow":["GET"]}}],"collection":[{"href":"https:\/\/thenucleusorchestral.org\/es\/wp-json\/wp\/v2\/pages"}],"about":[{"href":"https:\/\/thenucleusorchestral.org\/es\/wp-json\/wp\/v2\/types\/page"}],"author":[{"embeddable":true,"href":"https:\/\/thenucleusorchestral.org\/es\/wp-json\/wp\/v2\/users\/4"}],"replies":[{"embeddable":true,"href":"https:\/\/thenucleusorchestral.org\/es\/wp-json\/wp\/v2\/comments?post=9528"}],"version-history":[{"count":22,"href":"https:\/\/thenucleusorchestral.org\/es\/wp-json\/wp\/v2\/pages\/9528\/revisions"}],"predecessor-version":[{"id":9673,"href":"https:\/\/thenucleusorchestral.org\/es\/wp-json\/wp\/v2\/pages\/9528\/revisions\/9673"}],"wp:featuredmedia":[{"embeddable":true,"href":"https:\/\/thenucleusorchestral.org\/es\/wp-json\/wp\/v2\/media\/7438"}],"wp:attachment":[{"href":"https:\/\/thenucleusorchestral.org\/es\/wp-json\/wp\/v2\/media?parent=9528"}],"curies":[{"name":"wp","href":"https:\/\/api.w.org\/{rel}","templated":true}]}}